{"id":293,"date":"2018-04-06T10:04:34","date_gmt":"2018-04-06T10:04:34","guid":{"rendered":"https:\/\/creativewritingcuracao.com\/?page_id=293"},"modified":"2024-06-20T17:02:02","modified_gmt":"2024-06-20T15:02:02","slug":"voorbeeld-pagina","status":"publish","type":"page","link":"https:\/\/creativewritingcuracao.com\/es\/","title":{"rendered":"Home"},"content":{"rendered":"<p><section class=\"fw-main-row  section-heading\" id=\"courses\" style=\"background-color:#ffffff;\" >\n\t<div class=\"fw-container-fluid\">\n\t\t<div class=\"fw-row\">\n\t<div class=\"fw-col-xs-12\" id=\"\">\n\t<div class=\"fw-heading fw-heading-h2 fw-heading-center\">\n\t\t<h2 class='fw-special-title'>Cursos<\/h2>\t<\/div><\/div>\n<\/div>\n\n\t<\/div>\n<\/section>\n<section class=\"fw-main-row  section-vertical-align\" id=\"\"  >\n\t<div class=\"fw-container\">\n\t\t<div class=\"fw-row\">\n\t<div class=\"fw-col-xs-12 fw-col-sm-6 text-white\" id=\"\">\n\t<p style=\"text-align: justify;\">Escritura Creativa Curazao ofrece cursos intensivos de alto nivel impartidos por profesores con gran experiencia en el \u00e1mbito de la escritura y la ense\u00f1anza.<\/p><p style=\"text-align: justify;\">Cada a\u00f1o, en febrero y octubre, ofrecemos cursos de Escritura Creativa abiertos tanto para principiantes como para alumnos m\u00e1s avanzados.<\/p><\/div>\n<div class=\"fw-col-xs-12 fw-col-sm-6\" id=\"\">\n\t\t\t\t<div class=\"content-slider slick-gallery-content\">\n\t\t\t<div class=\"slick-content\">\n\t\t\t\t\t\t\t\t\t\t\t\t\t\t\t\t<div class=\"slick-slide\">\n\t\t\t\t\t\t\t<div class=\"embed-responsive embed-responsive-16by9\">\n\t\t\t\t\t\t\t\t<div class=\"youtube embed-responsive-item\" id=\"O0XbFkmmXC0\"><\/div>\n\t\t\t\t\t\t\t<\/div>\n\t\t\t\t\t\t<\/div>\n\t\t\t\t\t\t\t\t\t\t\t<div class=\"slick-slide\">\n\t\t\t\t\t\t\t<img decoding=\"async\" class=\"img-responsive\" src=\"https:\/\/creativewritingcuracao.com\/wp-content\/uploads\/2019\/05\/cursos-equipo.jpg\">\n\t\t\t\t\t\t<\/div>\n\t\t\t\t\t\t\t\t\t\t\t<div class=\"slick-slide\">\n\t\t\t\t\t\t\t<img decoding=\"async\" class=\"img-responsive\" src=\"https:\/\/creativewritingcuracao.com\/wp-content\/uploads\/2019\/05\/cursos-grupo.jpg\">\n\t\t\t\t\t\t<\/div>\n\t\t\t\t\t\t\t\t\t\t\t<div class=\"slick-slide\">\n\t\t\t\t\t\t\t<img decoding=\"async\" class=\"img-responsive\" src=\"https:\/\/creativewritingcuracao.com\/wp-content\/uploads\/2019\/05\/cursos-javier-frank.jpg\">\n\t\t\t\t\t\t<\/div>\n\t\t\t\t\t\t\t\t\t\t\t<div class=\"slick-slide\">\n\t\t\t\t\t\t\t<img decoding=\"async\" class=\"img-responsive\" src=\"https:\/\/creativewritingcuracao.com\/wp-content\/uploads\/2019\/05\/cursos-ciudad.jpg\">\n\t\t\t\t\t\t<\/div>\n\t\t\t\t\t\t\t\t<\/div>\n\t\t<\/div>\n\n\t<\/div>\n<\/div>\n\n\t<\/div>\n<\/section>\n<section class=\"fw-main-row \" id=\"courses-info\" style=\"background-color:#efac3c;\" >\n\t<div class=\"fw-container\">\n\t\t<div class=\"fw-row\">\n\t<div class=\"fw-col-xs-12 fw-col-sm-6 courses-info-left\" id=\"\">\n\t<div class=\"course-block\" style=\"text-align: left;\"><h3 style=\"text-align: left;\">En marzo de 2025 volver\u00e1 a haber cursos en espa\u00f1ol, organizados en colaboraci\u00f3n con la Escuela de Escritores.<\/h3><h3><\/h3><h4 style=\"text-align: left;\">En septiembre de 2024, los cursos ser\u00e1n en papiamento, ingl\u00e9s y neerland\u00e9s.<\/h4><p style=\"text-align: left;\">El pr\u00f3ximo mes de Marzo 2025 impartiremos un curso de Escritura Creativa:<\/p><p style=\"text-align: left;\">\u2014Un grupo ser\u00e1 impartido en espa\u00f1ol y en ingl\u00e9s por Javier Sagarna, director de Escuela de Escritores, en Espa\u00f1a.<\/p><p style=\"text-align: left;\">\u2014Otro grupo ser\u00e1 impartido en neerland\u00e9s y en ingl\u00e9s por Frank Tazelaar, director de Escritura Creativa de la Universidad de las Artes ArtEZ, en Holanda.<\/p><p style=\"text-align: left;\">El contenido de ambos grupos ser\u00e1 el mismo. Mediante ejercicios de escritura, lectura de textos y el trabajo colectivo en un relato, desarrollar\u00e1s tus t\u00e9cnicas de escritura y tu capacidad de contar historias.<\/p><\/div><div class=\"course-block\" style=\"text-align: left;\"><h4 style=\"text-align: center;\">Tu proyecto personal<\/h4><p>Nuestros cursos de Escritura Creativa introducen varios conceptos b\u00e1sicos de la escritura, como el famoso \u00abmostrar, no explicar\u00bb, la po\u00e9tica, el cronotopo, la construcci\u00f3n de un personaje, la tensi\u00f3n narrativa y la construcci\u00f3n de la trama y el argumento. Las clases combinan teor\u00eda y ejercicios de escritura. Podr\u00e1s trabajar durante las clases, pero tambi\u00e9n tendr\u00e1s que hacerlo fuera del aula si quieres avanzar realmente con tu proyecto personal.<\/p><\/div><div class=\"course-block\" style=\"text-align: center;\"><h4>Clases magistrales<\/h4><p style=\"text-align: left;\">El curso de Escritura Creativa incluir\u00e1 dos clases magistrales sobre <em>El papel de las emociones en la escritura<\/em> que impartir\u00e1 la escritora latinoamericana Mariana Torres, que tambi\u00e9n estar\u00e1 disponible para las tutor\u00edas a los alumnos.<\/p><\/div><\/div>\n<div class=\"fw-col-xs-12 fw-col-sm-6 courses-info-right\" id=\"\">\n\t<p style=\"text-align: left;\"><strong>IDIOMA<\/strong><\/p><p style=\"text-align: justify;\">En ambos grupos podr\u00e1s escribir en tu propio idioma:<\/p><p style=\"text-align: justify;\">\u2014Espa\u00f1ol, papiamento e ingl\u00e9s en el curso que se imparte en espa\u00f1ol.<\/p><p style=\"text-align: justify;\">\u2014Neerland\u00e9s, papiamento e ingl\u00e9s en el curso que se imparte en neerland\u00e9s.<\/p><p style=\"text-align: justify;\">Contamos con tutores multiling\u00fces para guiar los debates sobre los textos en clase.<\/p><p><strong><br \/>NIVELES<\/strong><\/p><p style=\"text-align: justify;\">Los dos grupos est\u00e1n abiertos a participantes de diversos niveles. Si est\u00e1s empezando a explorar la escritura, har\u00e1s ejercicios de escritura menos complejos. Si ya tienes algo de experiencia, ajustaremos los ejercicios y la orientaci\u00f3n a tu nivel.<\/p><p style=\"text-align: left;\"><strong><br \/>CLASE ADICIONAL<br \/><\/strong><\/p><p style=\"text-align: justify;\">Adem\u00e1s de los cursos de escritura, ofrecemos una clase adicional y gratuita denominada <em>Capita Selecta<\/em>, dedicado a la cultura y la literatura del Caribe. Esta clase ser\u00e1 impartida por especialistas de la universidad de Curazao<\/p><p style=\"text-align: left;\"><strong><br \/>TUTOR PERSONAL<br \/><\/strong><\/p><p style=\"text-align: justify;\">Cada grupo tendr\u00e1 como m\u00e1ximo 20 alumnos, de modo que habr\u00e1 margen suficiente para que cada uno de los alumnos reciba tutorizaci\u00f3n y retroalimentaci\u00f3n personalizadas. Las clases se impartir\u00e1n por las tardes (18.00-21.00). Cada alumno, adem\u00e1s, dispondr\u00e1 de una sesi\u00f3n individual en la que recibir\u00e1 orientaci\u00f3n por parte de uno de los tutores.<\/p><p style=\"text-align: justify;\"><strong><br \/>ACTIVIDADES ADICIONALES<br \/><\/strong><\/p><p style=\"text-align: justify;\">El \u00faltimo viernes cerraremos el curso con una presentaci\u00f3n colectiva. Trabajaremos previamente con t\u00e9cnicas para la puesta en escena y hablar en p\u00fablico. Durante las dos semanas de escritura organizaremos actividades colectivas: excursiones a las zonas menos visitadas de la isla, un paseo a la luz de la luna, una barbacoa en la playa, etc.<\/p><\/div>\n<\/div>\n\n<div class=\"fw-row\">\n\t<div class=\"fw-col-xs-12\" id=\"\">\n\t\n\t<div class=\"fw-divider-space\" style=\"padding-top: 40px;\"><\/div>\n<\/div>\n<\/div>\n\n\t<\/div>\n<\/section>\n<section class=\"fw-main-row \" id=\"courses\"  >\n\t<div class=\"fw-container-fluid\">\n\t\t<div class=\"fw-row\">\n\t<div class=\"fw-col-xs-12\" id=\"\">\n\t\t<div class=\"slick content-slider\" data-autoslide=\"true\">\n\t\t<div class=\"row slick-content\">\n\t\t\t\n<div class=\"slide-direction-right\">\n\t<div class=\"container\">\n\t\t<div class=\"row\">\n\t\t\t<div class=\"col-sm-4 col-md-5 slide-image\">\n\t\t\t\t\t\t\t\t\t<div class=\"slick-course-images\">\n\t\t\t\t\t\t<div class=\"slick-course-images-content\">\n\t\t\t\t\t\t\t\t\t\t\t\t\t\t\t<div class=\"slick-course-images-content-slide\">\n\t\t\t\t\t\t\t\t\t<img decoding=\"async\" src=\"https:\/\/creativewritingcuracao.com\/wp-content\/uploads\/2024\/04\/Talent-CUR-455x455.jpg\" alt=\"\">\n\t\t\t\t\t\t\t\t<\/div>\n\t\t\t\t\t\t\t\t\t\t\t\t\t<\/div>\n\t\t\t\t\t<\/div>\n\t\t\t\t\t\t\t<\/div>\n\t\t\t<div class=\"col-sm-8 col-md-7 slide-content\">\n\t\t\t\t<h2>New voices &#8211;  young writers course<\/h2>\n\t\t\t\t\t\t\t\t\t<p><\/p>\n\t\t\t\t\t<button type=\"button\" class=\"btn\" data-toggle=\"modal\" data-target=\"#modal-2130\">\n\t\t\t\t\t\tLeer m\u00e1s\r\n\t\t\t\t\t<\/button>\n\t\t\t\t\t\t\t<\/div>\n\t\t<\/div>\n\t<\/div>\n<\/div>\n\n\n\n\n<div class=\"slide-direction-left\">\n\t<div class=\"container\">\n\t\t<div class=\"row\">\n\t\t\t<div class=\"col-sm-4 col-md-5 slide-image\">\n\t\t\t\t\t\t\t\t\t<div class=\"slick-course-images\">\n\t\t\t\t\t\t<div class=\"slick-course-images-content\">\n\t\t\t\t\t\t\t\t\t\t\t\t\t\t\t<div class=\"slick-course-images-content-slide\">\n\t\t\t\t\t\t\t\t\t<img decoding=\"async\" src=\"https:\/\/creativewritingcuracao.com\/wp-content\/uploads\/2018\/04\/grupo-todos-455x455.jpg\" alt=\"\">\n\t\t\t\t\t\t\t\t<\/div>\n\t\t\t\t\t\t\t\t\t\t\t\t\t\t\t<div class=\"slick-course-images-content-slide\">\n\t\t\t\t\t\t\t\t\t<img decoding=\"async\" src=\"https:\/\/creativewritingcuracao.com\/wp-content\/uploads\/2018\/04\/grupo-curazao-455x455.jpg\" alt=\"\">\n\t\t\t\t\t\t\t\t<\/div>\n\t\t\t\t\t\t\t\t\t\t\t\t\t<\/div>\n\t\t\t\t\t<\/div>\n\t\t\t\t\t\t\t<\/div>\n\t\t\t<div class=\"col-sm-8 col-md-7 slide-content\">\n\t\t\t\t<h2>Introducci\u00f3n a la Escritura Creativa<\/h2>\n\t\t\t\t\t\t\t\t\t<p><\/p>\n\t\t\t\t\t<button type=\"button\" class=\"btn\" data-toggle=\"modal\" data-target=\"#modal-484\">\n\t\t\t\t\t\tLeer m\u00e1s\r\n\t\t\t\t\t<\/button>\n\t\t\t\t\t\t\t<\/div>\n\t\t<\/div>\n\t<\/div>\n<\/div>\n\n\n\n\n<div class=\"slide-direction-right\">\n\t<div class=\"container\">\n\t\t<div class=\"row\">\n\t\t\t<div class=\"col-sm-4 col-md-5 slide-image\">\n\t\t\t\t\t\t\t\t\t<div class=\"slick-course-images\">\n\t\t\t\t\t\t<div class=\"slick-course-images-content\">\n\t\t\t\t\t\t\t\t\t\t\t\t\t\t\t<div class=\"slick-course-images-content-slide\">\n\t\t\t\t\t\t\t\t\t<img decoding=\"async\" src=\"https:\/\/creativewritingcuracao.com\/wp-content\/uploads\/2018\/04\/frank-javier-455x455.jpg\" alt=\"\">\n\t\t\t\t\t\t\t\t<\/div>\n\t\t\t\t\t\t\t\t\t\t\t\t\t\t\t<div class=\"slick-course-images-content-slide\">\n\t\t\t\t\t\t\t\t\t<img decoding=\"async\" src=\"https:\/\/creativewritingcuracao.com\/wp-content\/uploads\/2018\/04\/paisaje-455x455.jpg\" alt=\"\">\n\t\t\t\t\t\t\t\t<\/div>\n\t\t\t\t\t\t\t\t\t\t\t\t\t<\/div>\n\t\t\t\t\t<\/div>\n\t\t\t\t\t\t\t<\/div>\n\t\t\t<div class=\"col-sm-8 col-md-7 slide-content\">\n\t\t\t\t<h2>Clases e idiomas disponibles<\/h2>\n\t\t\t\t\t\t\t\t\t<p><\/p>\n\t\t\t\t\t<button type=\"button\" class=\"btn\" data-toggle=\"modal\" data-target=\"#modal-476\">\n\t\t\t\t\t\tLeer m\u00e1s\r\n\t\t\t\t\t<\/button>\n\t\t\t\t\t\t\t<\/div>\n\t\t<\/div>\n\t<\/div>\n<\/div>\n\n\n\n\n<div class=\"slide-direction-left\">\n\t<div class=\"container\">\n\t\t<div class=\"row\">\n\t\t\t<div class=\"col-sm-4 col-md-5 slide-image\">\n\t\t\t\t\t\t\t\t\t<div class=\"slick-course-images\">\n\t\t\t\t\t\t<div class=\"slick-course-images-content\">\n\t\t\t\t\t\t\t\t\t\t\t\t\t\t\t<div class=\"slick-course-images-content-slide\">\n\t\t\t\t\t\t\t\t\t<img decoding=\"async\" src=\"https:\/\/creativewritingcuracao.com\/wp-content\/uploads\/2018\/04\/marianatorres-foto09-wagemann-455x455.jpg\" alt=\"\">\n\t\t\t\t\t\t\t\t<\/div>\n\t\t\t\t\t\t\t\t\t\t\t\t\t\t\t<div class=\"slick-course-images-content-slide\">\n\t\t\t\t\t\t\t\t\t<img decoding=\"async\" src=\"https:\/\/creativewritingcuracao.com\/wp-content\/uploads\/2018\/04\/paseo-455x455.jpg\" alt=\"\">\n\t\t\t\t\t\t\t\t<\/div>\n\t\t\t\t\t\t\t\t\t\t\t\t\t<\/div>\n\t\t\t\t\t<\/div>\n\t\t\t\t\t\t\t<\/div>\n\t\t\t<div class=\"col-sm-8 col-md-7 slide-content\">\n\t\t\t\t<h2>Masterclass: El papel de las emociones en la escritura<\/h2>\n\t\t\t\t\t\t\t\t\t<p><\/p>\n\t\t\t\t\t<button type=\"button\" class=\"btn\" data-toggle=\"modal\" data-target=\"#modal-491\">\n\t\t\t\t\t\tLeer m\u00e1s\r\n\t\t\t\t\t<\/button>\n\t\t\t\t\t\t\t<\/div>\n\t\t<\/div>\n\t<\/div>\n<\/div>\n\n\n\n\n<div class=\"slide-direction-right\">\n\t<div class=\"container\">\n\t\t<div class=\"row\">\n\t\t\t<div class=\"col-sm-4 col-md-5 slide-image\">\n\t\t\t\t\t\t\t\t\t<div class=\"slick-course-images\">\n\t\t\t\t\t\t<div class=\"slick-course-images-content\">\n\t\t\t\t\t\t\t\t\t\t\t\t\t\t\t<div class=\"slick-course-images-content-slide\">\n\t\t\t\t\t\t\t\t\t<img decoding=\"async\" src=\"https:\/\/creativewritingcuracao.com\/wp-content\/uploads\/2018\/04\/nifa-escritora-455x455.jpg\" alt=\"\">\n\t\t\t\t\t\t\t\t<\/div>\n\t\t\t\t\t\t\t\t\t\t\t\t\t\t\t<div class=\"slick-course-images-content-slide\">\n\t\t\t\t\t\t\t\t\t<img decoding=\"async\" src=\"https:\/\/creativewritingcuracao.com\/wp-content\/uploads\/2018\/04\/ciudad-455x455.jpg\" alt=\"\">\n\t\t\t\t\t\t\t\t<\/div>\n\t\t\t\t\t\t\t\t\t\t\t\t\t\t\t<div class=\"slick-course-images-content-slide\">\n\t\t\t\t\t\t\t\t\t<img decoding=\"async\" src=\"https:\/\/creativewritingcuracao.com\/wp-content\/uploads\/2019\/04\/Moonlight-walk-455x455.jpg\" alt=\"\">\n\t\t\t\t\t\t\t\t<\/div>\n\t\t\t\t\t\t\t\t\t\t\t\t\t<\/div>\n\t\t\t\t\t<\/div>\n\t\t\t\t\t\t\t<\/div>\n\t\t\t<div class=\"col-sm-8 col-md-7 slide-content\">\n\t\t\t\t<h2>Clase adicional: Literatura y cultura caribe\u00f1a<\/h2>\n\t\t\t\t\t\t\t\t\t<p><\/p>\n\t\t\t\t\t<button type=\"button\" class=\"btn\" data-toggle=\"modal\" data-target=\"#modal-487\">\n\t\t\t\t\t\tLeer m\u00e1s\r\n\t\t\t\t\t<\/button>\n\t\t\t\t\t\t\t<\/div>\n\t\t<\/div>\n\t<\/div>\n<\/div>\n\n\n\n\t\t<\/div>\n\t\t<div class=\"slick-navigation-wrapper col-12\">\n\t\t\t<div class=\"slick-prev-button\"><i class=\"fa fa-angle-left\"><\/i><\/div>\n\t\t\t<div class=\"slick-dots-wrapper\"><\/div>\n\t\t\t<div class=\"slick-next-button\"><i class=\"fa fa-angle-right\"><\/i><\/div>\n\t\t<\/div>\n\t\t\n\t<\/div>\n\n<div class=\"modal fade\" id=\"modal-2130\" tabindex=\"-1\" role=\"dialog\" aria-labelledby=\"exampleModalCenterTitle\" aria-hidden=\"true\">\n\t<div class=\"modal-dialog modal-lg modal-dialog-centered\" role=\"document\">\n\t\t<div class=\"modal-content\">\n\t\t\t<div class=\"modal-header\">\n\t\t\t\t<h5 class=\"modal-title\" id=\"exampleModalLongTitle\">New voices &#8211;  young writers course<\/h5>\n\t\t\t\t<button type=\"button\" class=\"close\" data-dismiss=\"modal\" aria-label=\"Close\">\n\t\t\t\t\t<span aria-hidden=\"true\">&times;<\/span>\n\t\t\t\t<\/button>\n\t\t\t<\/div>\n\t\t\t<div class=\"modal-body\">\n\t\t\t\t<p><p>Are you interested in storytelling, spoken word, series and good books? Do you have the ambition to tell your story and understand the techniques of writing a good story? This is your course!<\/p><p>We are aiming at writers 16+ of age. The course will be in Papiamentu, but you can write in any language you like.<\/p><p>MONDAY 23\/9, TUESDAY 25\/9, WEDNESDAY 26\/9, THURSDAY 26\/9, MONDAY 30\/6, WEDNESDAY 2\/10<\/p><p>Teacher: Joeri Oltheten (hiphop writer, community builder and artistic director)<\/p><\/p>\n\t\t\t<\/div>\n\t\t<\/div>\n\t<\/div>\n<\/div>\n<div class=\"modal fade\" id=\"modal-484\" tabindex=\"-1\" role=\"dialog\" aria-labelledby=\"exampleModalCenterTitle\" aria-hidden=\"true\">\n\t<div class=\"modal-dialog modal-lg modal-dialog-centered\" role=\"document\">\n\t\t<div class=\"modal-content\">\n\t\t\t<div class=\"modal-header\">\n\t\t\t\t<h5 class=\"modal-title\" id=\"exampleModalLongTitle\">Introducci\u00f3n a la Escritura Creativa<\/h5>\n\t\t\t\t<button type=\"button\" class=\"close\" data-dismiss=\"modal\" aria-label=\"Close\">\n\t\t\t\t\t<span aria-hidden=\"true\">&times;<\/span>\n\t\t\t\t<\/button>\n\t\t\t<\/div>\n\t\t\t<div class=\"modal-body\">\n\t\t\t\t<p><p>Las tres etapas de un relato corto: mirada, estructura y magia. Un viaje por el proceso creativo de escritura de un relato corto, desde la primera chispa creativa, su desarrollo como historia, hasta la fase final de correcci\u00f3n, que muchas veces aporta la magia que convierte una buena historia en una historia excelente. La g\u00e9nesis de las ideas, la mirada f\u00e9rtil del escritor, c\u00f3mo construir una historia y c\u00f3mo encontrar las mejores palabras para contarla, qu\u00e9 decir y qu\u00e9 no decir, las alusiones, las met\u00e1foras y el arte de profundizar en el significado de los textos. Recorreremos durante seis clases el camino del narrador. Como es natural, el taller ser\u00e1 sobre todo pr\u00e1ctico, con ejercicios y escritura de textos, adem\u00e1s de lectura y an\u00e1lisis de textos que nos orientar\u00e1n en el proceso de aprendizaje.<\/p><p>Este curso incluye las dos clases magistrales sobre <em>El papel de las emociones en la escritura<\/em>.<\/p><p>Dirigido tanto a escritores principiantes como a los que tienen m\u00e1s experiencia y quieren reforzar sus t\u00e9cnicas narrativas.<\/p><\/p>\n\t\t\t<\/div>\n\t\t<\/div>\n\t<\/div>\n<\/div>\n<div class=\"modal fade\" id=\"modal-476\" tabindex=\"-1\" role=\"dialog\" aria-labelledby=\"exampleModalCenterTitle\" aria-hidden=\"true\">\n\t<div class=\"modal-dialog modal-lg modal-dialog-centered\" role=\"document\">\n\t\t<div class=\"modal-content\">\n\t\t\t<div class=\"modal-header\">\n\t\t\t\t<h5 class=\"modal-title\" id=\"exampleModalLongTitle\">Clases e idiomas disponibles<\/h5>\n\t\t\t\t<button type=\"button\" class=\"close\" data-dismiss=\"modal\" aria-label=\"Close\">\n\t\t\t\t\t<span aria-hidden=\"true\">&times;<\/span>\n\t\t\t\t<\/button>\n\t\t\t<\/div>\n\t\t\t<div class=\"modal-body\">\n\t\t\t\t<p><p>Contaremos con dos grupos de trabajo principales, cada uno de ellos con un m\u00e1ximo de 20 participantes. Debes elegir uno de ellos al realizar la inscripci\u00f3n.<\/p><p><strong>Curso de Javier Sagarna (espa\u00f1ol | ingl\u00e9s)<br \/><\/strong><br \/>Lenguas vehiculares: espa\u00f1ol e ingl\u00e9s (se podr\u00e1n escribir textos en ingl\u00e9s, espa\u00f1ol y papiamento) | Duraci\u00f3n: 10 d\u00edas | Horas lectivas: 24 | Nivel: principiante y avanzado | Profesor: Javier Sagarna<\/p><p><strong>Curso de Frank Tazelaar (neerland\u00e9s | ingl\u00e9s )<br \/><\/strong><\/p><p>Lenguas vehiculares: neerland\u00e9s e ingl\u00e9s (se podr\u00e1n escribir textos en ingl\u00e9s, neerland\u00e9s y papiamento) | Duraci\u00f3n: 10 d\u00edas | Horas lectivas: 24 | Nivel: principiante y avanzado | Profesor: Frank Tazelaar<\/p><\/p>\n\t\t\t<\/div>\n\t\t<\/div>\n\t<\/div>\n<\/div>\n<div class=\"modal fade\" id=\"modal-491\" tabindex=\"-1\" role=\"dialog\" aria-labelledby=\"exampleModalCenterTitle\" aria-hidden=\"true\">\n\t<div class=\"modal-dialog modal-lg modal-dialog-centered\" role=\"document\">\n\t\t<div class=\"modal-content\">\n\t\t\t<div class=\"modal-header\">\n\t\t\t\t<h5 class=\"modal-title\" id=\"exampleModalLongTitle\">Masterclass: El papel de las emociones en la escritura<\/h5>\n\t\t\t\t<button type=\"button\" class=\"close\" data-dismiss=\"modal\" aria-label=\"Close\">\n\t\t\t\t\t<span aria-hidden=\"true\">&times;<\/span>\n\t\t\t\t<\/button>\n\t\t\t<\/div>\n\t\t\t<div class=\"modal-body\">\n\t\t\t\t<p><p>Gordon Lish, famoso editor literario \u2014de, entre otros, muchos grandes escritores norteamericanos como Carver, Hempel y Ford\u2014 dijo una vez: \u00abNo se trata de lo que ocurre en una p\u00e1gina, se trata de lo que ocurre en el coraz\u00f3n y en la mente del lector\u00bb. Este taller explora c\u00f3mo utilizar las emociones, como herramienta, a la hora de escribir.<\/p><p>Este taller se basa en un ritmo de 3x3. El personaje literario est\u00e1 formado por tres partes: el cuerpo f\u00edsico, donde las sensaciones aparecen y se manifiestan; el coraz\u00f3n, donde las emociones y los sentimientos viven; y la mente racional, donde el cerebro toma decisiones, saca conclusiones y piensa. Como lectores y como escritores tambi\u00e9n estamos compuestos de esas mismas tres partes. Y la exploraci\u00f3n de la interconexi\u00f3n de estas tres partes es clave para nuestra escritura, especialmente cuando se trata de expresar las emociones.<\/p><p>Destinado a escritores con cierta experiencia que quieren profundizar en la construcci\u00f3n de sus personajes.<\/p><p><strong>Caracter\u00edsticas:<\/strong><\/p><p>Lengua vehicular: ingl\u00e9s (grupo 1) y espa\u00f1ol (grupo 2). Ser\u00e1 posible escribir textos en ingl\u00e9s, neerland\u00e9s, espa\u00f1ol o papiamento | Duraci\u00f3n: 2 d\u00edas | Horas lectivas: 8 | Profesora: Mariana Torres<\/p><\/p>\n\t\t\t<\/div>\n\t\t<\/div>\n\t<\/div>\n<\/div>\n<div class=\"modal fade\" id=\"modal-487\" tabindex=\"-1\" role=\"dialog\" aria-labelledby=\"exampleModalCenterTitle\" aria-hidden=\"true\">\n\t<div class=\"modal-dialog modal-lg modal-dialog-centered\" role=\"document\">\n\t\t<div class=\"modal-content\">\n\t\t\t<div class=\"modal-header\">\n\t\t\t\t<h5 class=\"modal-title\" id=\"exampleModalLongTitle\">Clase adicional: Literatura y cultura caribe\u00f1a<\/h5>\n\t\t\t\t<button type=\"button\" class=\"close\" data-dismiss=\"modal\" aria-label=\"Close\">\n\t\t\t\t\t<span aria-hidden=\"true\">&times;<\/span>\n\t\t\t\t<\/button>\n\t\t\t<\/div>\n\t\t\t<div class=\"modal-body\">\n\t\t\t\t<p><p>Las clases del ciclo <em>Capita Selecta<\/em> son impartidas por profesores e investigadores de la Universidad de Curazao y te introducir\u00e1n en la historia y la actualidad de la literatura y la cultura del Caribe. Dirigido a personas interesadas en lengua e identidad procedentes tanto de las Antillas y Latinoam\u00e9rica como de Europa.<\/p><p>Este curso est\u00e1 abierto a todos los estudiantes y se imparte paralelamente al curso regular.<\/p><p><strong>Caracter\u00edsticas:<\/strong><\/p><p>Lengua vehicular: ingl\u00e9s | Duraci\u00f3n: 1 d\u00eda | Horas lectivas: 3 \u00a0| Profesora: Dr. Liesbeth Echteld<\/p><\/p>\n\t\t\t<\/div>\n\t\t<\/div>\n\t<\/div>\n<\/div><\/div>\n<\/div>\n\n\t<\/div>\n<\/section>\n<section class=\"fw-main-row  section-heading\" id=\"teachers\"  >\n\t<div class=\"fw-container-fluid\">\n\t\t<div class=\"fw-row\">\n\t<div class=\"fw-col-xs-12\" id=\"\">\n\t<div class=\"fw-heading fw-heading-h2 fw-heading-center\">\n\t\t<h2 class='fw-special-title'>Profesores<\/h2>\t<\/div><\/div>\n<\/div>\n\n\t<\/div>\n<\/section>\n<section class=\"fw-main-row \" id=\"\" style=\"background-color:#efac3c;\" >\n\t<div class=\"fw-container\">\n\t\t<div class=\"fw-row\">\n\t<div class=\"fw-col-xs-12\" id=\"\">\n\t\n\t<div class=\"fw-divider-space\" style=\"padding-top: 80px;\"><\/div>\n<\/div>\n<\/div>\n\n\t<\/div>\n<\/section>\n<section class=\"fw-main-row \" id=\"\"  >\n\t<div class=\"fw-container-fluid\">\n\t\t<div class=\"fw-row\">\n\t<div class=\"fw-col-xs-12\" id=\"\">\n\t\t<div class=\"slick content-slider\" data-autoslide=\"true\">\n\t\t<div class=\"row slick-content\">\n\t\t\t\n<div class=\"slide-direction-left\">\n\t<div class=\"container\">\n\t\t<div class=\"row\">\n\n\t\t\t\n\t\t\t<div class=\"col-sm-4 col-md-5 slide-image\" style=\"background-image: url('https:\/\/creativewritingcuracao.com\/wp-content\/uploads\/2019\/10\/rubenabella.jpg');\"><\/div>\n\t\t\t\n\t\t\t<div class=\"col-sm-8 col-md-7 slide-content\">\n\t\t\t\t<h2>Rub\u00e9n Abella<\/h2>\n\t\t\t\t<p><p>Rub\u00e9n Abella es licenciado en Filolog\u00eda Inglesa y ha cursado estudios de postgrado en las universidades de Tulane (Nueva Orleans, Estados Unidos) y Adelaida (Australia). Su primera novela, <i>La sombra del escapista<\/i>, recibi\u00f3 en 2002 el Premio de Narrativa \u2018Torrente Ballester\u2019 y con su segunda, <a href=\"http:\/\/www.planetadelibros.com\/el-libro-del-amor-esquivo-libro-1402.html\" target=\"_blank\" rel=\"noopener\"><i>El libro del amor esquivo<\/i><\/a>, result\u00f3 finalista del Premio \u2018Nadal\u2019 en 2009.<\/p><p>En 2011 public\u00f3 su tercera novela, <a href=\"http:\/\/planetadelibros.com\/blog\/leercondestino\/2011\/10\/27\/ruben-abella-se-adentra-en-el-rio-de-la-memoria\/\" target=\"_blank\" rel=\"noopener\"><i>Baruc en el r\u00edo<\/i><\/a>. <em>California<\/em> (2015) es su cuarta novela. Rub\u00e9n Abella compagina la escritura con la fotograf\u00eda y la docencia. Ha impartido cursos y conferencias sobre diversas materias en universidades de todo el mundo y es profesor de la Escuela de Escritores y de la Universidad Pontificia Comillas de Madrid.<\/p><\/p>\n\t\t\t<\/div>\n\t\t<\/div>\n\t<\/div>\n<\/div>\n<div class=\"slide-direction-right\">\n\t<div class=\"container\">\n\t\t<div class=\"row\">\n\n\t\t\t\n\t\t\t<div class=\"col-sm-4 col-md-5 slide-image\" style=\"background-image: url('https:\/\/creativewritingcuracao.com\/wp-content\/uploads\/2018\/05\/Frank-Tazelaar.jpeg');\"><\/div>\n\t\t\t\n\t\t\t<div class=\"col-sm-8 col-md-7 slide-content\">\n\t\t\t\t<h2>Frank Tazelaar<\/h2>\n\t\t\t\t<p><p>Frank Tazelaar es el responsable de los estudios de grado <em>Creative Writing<\/em> en ArtEZ, incluida la elaboraci\u00f3n del curr\u00edculum. Tambi\u00e9n es el director de la productora multidisciplinar <em>De Nieuwe Oost | Wintertuin<\/em>, uno de cuyos objetivos b\u00e1sicos es el de dar un impulso a los nuevos talentos literarios.<\/p><p>Como profesor imparte clases en la facultad de arte ArtEZ, en la universidad Radboud de Nimega y en Escuela de Escritores. Tambi\u00e9n es miembro de la direcci\u00f3n de la EACWP, red europea de cursos y estudios de escritura creativa.<\/p><\/p>\n\t\t\t<\/div>\n\t\t<\/div>\n\t<\/div>\n<\/div>\n<div class=\"slide-direction-left\">\n\t<div class=\"container\">\n\t\t<div class=\"row\">\n\n\t\t\t\n\t\t\t<div class=\"col-sm-4 col-md-5 slide-image\" style=\"background-image: url('https:\/\/creativewritingcuracao.com\/wp-content\/uploads\/2019\/10\/chikifabregat.jpg');\"><\/div>\n\t\t\t\n\t\t\t<div class=\"col-sm-8 col-md-7 slide-content\">\n\t\t\t\t<h2>Chiki Fabregat<\/h2>\n\t\t\t\t<p><p>Es licenciada en Filolog\u00eda Hisp\u00e1nica por la Universidad Complutense de Madrid y M\u00e1ster en Animaci\u00f3n a la Lectura. Ha impartido cursos de animaci\u00f3n a la lectura para profesores y maestros en m\u00faltiples escuelas y centros de formaci\u00f3n de profesorado de Espa\u00f1a, as\u00ed como en el centro de coordinaci\u00f3n del profesorado de escuelas biling\u00fces en de Tyler, Texas.<\/p><p>Ha publicado con la editorial Edeb\u00e9 la colecci\u00f3n <a href=\"http:\/\/www.edebe.es\/publicaciones-generales\/libros-coleccion-zoila=205=1\"><em>Zoila<\/em><\/a>, de literatura fant\u00e1stica juvenil y la novela <a href=\"http:\/\/www.edebe.com\/publicaciones-generales\/libro-cuando-la-luna-llora=4718=1=4\"><em>Cuando la luna llora<\/em><\/a>, finalista del XXVII premio \u00a0EDEB\u00c9. Y, con la Editorial Diques\u00ed, la novela infantil <em>13 d\u00edas para arreglar a pap\u00e1<\/em>.<\/p><\/p>\n\t\t\t<\/div>\n\t\t<\/div>\n\t<\/div>\n<\/div>\n<div class=\"slide-direction-right\">\n\t<div class=\"container\">\n\t\t<div class=\"row\">\n\n\t\t\t\n\t\t\t<div class=\"col-sm-4 col-md-5 slide-image\" style=\"background-image: url('https:\/\/creativewritingcuracao.com\/wp-content\/uploads\/2024\/06\/dennis-gaens-1.jpeg');\"><\/div>\n\t\t\t\n\t\t\t<div class=\"col-sm-8 col-md-7 slide-content\">\n\t\t\t\t<h2>Dennis Gaens<\/h2>\n\t\t\t\t<p><p>Dennis Gaens is a writer and radio producer. He published two poetry collections, both of which were nominated for national prizes. He wrote and performed in two musical theatre shows and performed at various festivals.<\/p><p>In 2014 he started the literary podcast\u00a0<em>Ondercast<\/em>, which was a literary magazine in audio format. After falling in love with audio storytelling, he expanded his work into writing for radio, producing documentaries and sound designing radio plays. He now works as an allround radio producer for various institutions, national broadcasting companies and of course for himself.<\/p><p>Dennis is a core faculty member at\u00a0<a href=\"https:\/\/eacwp.org\/members\/artez\/\">ArtEZ Creative Writing<\/a>\u00a0with a focus on transmedial narratives.<\/p><\/p>\n\t\t\t<\/div>\n\t\t<\/div>\n\t<\/div>\n<\/div>\n<div class=\"slide-direction-left\">\n\t<div class=\"container\">\n\t\t<div class=\"row\">\n\n\t\t\t\n\t\t\t<div class=\"col-sm-4 col-md-5 slide-image\" style=\"background-image: url('https:\/\/creativewritingcuracao.com\/wp-content\/uploads\/2018\/04\/Joeri-Oltheten-768x800.jpg');\"><\/div>\n\t\t\t\n\t\t\t<div class=\"col-sm-8 col-md-7 slide-content\">\n\t\t\t\t<h2>Joeri Oltheten (tutor)<\/h2>\n\t\t\t\t<p><p>Joeri Oltheten es director y jefe de proyecto de Wintertuin Cura\u00e7ao. Despu\u00e9s de terminar sus estudios como economista en la Universidad de \u00c1msterdam se ha ido convirtiendo en un polifac\u00e9tico y en\u00e9rgico emprendedor de proyectos con contenido social. Lleva ya 10 a\u00f1os liderando, coordinando y poniendo en marcha iniciativas que fomentan el desarrollo humano sostenible y el bien com\u00fan.<\/p><p>En 2015 fue galardonado con el premio Dutch Caribbean Pearls en la categor\u00eda de emprendedores. En la actualidad, Oltheten intenta impulsar el desarrollo de iniciativas empresariales creativas en Curazao. Para ello usa, entre otras herramientas, su experiencia como orador, letrista y rapero.<\/p><\/p>\n\t\t\t<\/div>\n\t\t<\/div>\n\t<\/div>\n<\/div>\n<div class=\"slide-direction-right\">\n\t<div class=\"container\">\n\t\t<div class=\"row\">\n\n\t\t\t\n\t\t\t<div class=\"col-sm-4 col-md-5 slide-image\" style=\"background-image: url('https:\/\/creativewritingcuracao.com\/wp-content\/uploads\/2018\/04\/Nifa-Ansano-768x887.jpg');\"><\/div>\n\t\t\t\n\t\t\t<div class=\"col-sm-8 col-md-7 slide-content\">\n\t\t\t\t<h2>Nifa Ansano (tutor)<\/h2>\n\t\t\t\t<p><p>Nifa Ansano es performer, escritora, poeta, actriz, moderadora de debates y participante habitual en diferentes eventos, incluyendo programas de radio y televisi\u00f3n. Le gustaba leer antes incluso de haber aprendido, y empez\u00f3 a escribir a los 7 a\u00f1os. Aspira a combinar su perfil de trabajadora social con su pasi\u00f3n por la literatura para estimular la creaci\u00f3n de una infraestructura que permita a los escritores de Curazao desarrollar su talento y publicar sus obras.<\/p><p>Como poeta ha participado en varios eventos culturales y literarios, y ha sido la representante de Curazao en Cuba. Ha participado en varias publicaciones colectivas y, en la actualidad, est\u00e1 trabajando en su primera obra en solitario, que publicar\u00e1 la editorial Wintertuin en el mes de noviembre.<\/p><\/p>\n\t\t\t<\/div>\n\t\t<\/div>\n\t<\/div>\n<\/div>\n<div class=\"slide-direction-left\">\n\t<div class=\"container\">\n\t\t<div class=\"row\">\n\n\t\t\t\n\t\t\t<div class=\"col-sm-4 col-md-5 slide-image\" style=\"background-image: url('https:\/\/creativewritingcuracao.com\/wp-content\/uploads\/2018\/04\/lisbeth.jpg');\"><\/div>\n\t\t\t\n\t\t\t<div class=\"col-sm-8 col-md-7 slide-content\">\n\t\t\t\t<h2>Dr. Liesbeth Echteld<\/h2>\n\t\t\t\t<p><p>Dr. Liesbeth Echteld es profesora en la Universidad de Curazao, y coordina el Capita Selecta.<\/p><p>Impartir\u00e1 la clase adicional acerca de Cultura y Literatura del Caribe.<\/p><p>&nbsp;<\/p><\/p>\n\t\t\t<\/div>\n\t\t<\/div>\n\t<\/div>\n<\/div>\t\t<\/div>\n\t\t<div class=\"slick-navigation-wrapper col-12\">\n\t\t\t<div class=\"slick-prev-button\"><i class=\"fa fa-angle-left\"><\/i><\/div>\n\t\t\t<div class=\"slick-dots-wrapper\"><\/div>\n\t\t\t<div class=\"slick-next-button\"><i class=\"fa fa-angle-right\"><\/i><\/div>\n\t\t<\/div>\n\t\t\n\t<\/div>\n<\/div>\n<\/div>\n\n\t<\/div>\n<\/section>\n<section class=\"fw-main-row  section-heading\" id=\"organization\" style=\"background-color:#ffffff;\" >\n\t<div class=\"fw-container-fluid\">\n\t\t<div class=\"fw-row\">\n\t<div class=\"fw-col-xs-12\" id=\"\">\n\t<div class=\"fw-heading fw-heading-h2 fw-heading-center\">\n\t\t<h2 class='fw-special-title'>Organizadores<\/h2>\t<\/div><\/div>\n<\/div>\n\n<div class=\"fw-row\">\n\t<div class=\"fw-col-xs-12\" id=\"\">\n\t<div class=\"fw-heading fw-heading-h3 fw-heading-center\">\n\t\t<h3 class='fw-special-title'><\/h3>\t\t\t<div class=\"fw-special-subtitle\">Durante el curso de Escritura Creativa recibir\u00e1s clases de los mejores profesores procedentes de escuelas de escritura de primera l\u00ednea. El curso ha sido organizado y dise\u00f1ado por profesionales vinculados tambi\u00e9n a estas prestigiosas instituciones.<\/div>\n\t<\/div><\/div>\n<\/div>\n\n\t<\/div>\n<\/section>\n<section class=\"fw-main-row \" id=\"\"  >\n\t<div class=\"fw-container-fluid\">\n\t\t<div class=\"fw-row\">\n\t<div class=\"fw-col-xs-12\" id=\"\">\n\t\t<div class=\"slick content-slider\" data-autoslide=\"true\">\n\t\t<div class=\"row slick-content\">\n\t\t\t\n<div class=\"slide-direction-right\">\n\t<div class=\"container\">\n\t\t<div class=\"row\">\n\n\t\t\t\n\t\t\t<div class=\"col-sm-4 col-md-5 slide-image\" style=\"background-image: url('https:\/\/creativewritingcuracao.com\/wp-content\/uploads\/2018\/04\/02.-internet-rietveld_in_licht_copy-768x521.jpg');\"><\/div>\n\t\t\t<div class=\"col-sm-8 col-md-7 slide-content\">\n\t\t\t\t<h2>ArtEZ Creative Writing (Arnhem, Pa\u00edses Bajos)<\/h2>\n\t\t\t\t\t\t\t\t\t<p><\/p>\n\t\t\t\t\t<button type=\"button\" class=\"btn\" data-toggle=\"modal\" data-target=\"#modal-442\">\n\t\t\t\t\t\tLeer m\u00e1s\r\n\t\t\t\t\t<\/button>\n\n\t\t\t\t\t\t\t\t\t\t\t\t\t<br><br>\n\t\t\t\t\t<a href=\"https:\/\/www.artez.nl\/opleidingen\/creative-writing\">Clic aqu\u00ed para visitar su sitio web<\/a>\n\t\t\t\t\t\t\t<\/div>\n\t\t<\/div>\n\t<\/div>\n<\/div>\n<div class=\"slide-direction-left\">\n\t<div class=\"container\">\n\t\t<div class=\"row\">\n\n\t\t\t\n\t\t\t<div class=\"col-sm-4 col-md-5 slide-image\" style=\"background-image: url('https:\/\/creativewritingcuracao.com\/wp-content\/uploads\/2024\/04\/CELA-Header-vierkant.-Foto-Gaby-Jongenelen-768x768.jpg');\"><\/div>\n\t\t\t<div class=\"col-sm-8 col-md-7 slide-content\">\n\t\t\t\t<h2>Wintertuin NL<\/h2>\n\t\t\t\t\t\t\t\t\t<p><\/p>\n\t\t\t\t\t<button type=\"button\" class=\"btn\" data-toggle=\"modal\" data-target=\"#modal-2119\">\n\t\t\t\t\t\tLeer m\u00e1s\r\n\t\t\t\t\t<\/button>\n\n\t\t\t\t\t\t\t\t\t\t\t\t\t<br><br>\n\t\t\t\t\t<a href=\"www.wintertuin.nl\">Clic aqu\u00ed para visitar su sitio web<\/a>\n\t\t\t\t\t\t\t<\/div>\n\t\t<\/div>\n\t<\/div>\n<\/div>\n<div class=\"slide-direction-right\">\n\t<div class=\"container\">\n\t\t<div class=\"row\">\n\n\t\t\t\n\t\t\t<div class=\"col-sm-4 col-md-5 slide-image\" style=\"background-image: url('https:\/\/creativewritingcuracao.com\/wp-content\/uploads\/2018\/04\/01.-escuele_escritores_madrid-768x768.jpg');\"><\/div>\n\t\t\t<div class=\"col-sm-8 col-md-7 slide-content\">\n\t\t\t\t<h2>Escuela de Escritores (Madrid, Espa\u00f1a)<\/h2>\n\t\t\t\t\t\t\t\t\t<p><\/p>\n\t\t\t\t\t<button type=\"button\" class=\"btn\" data-toggle=\"modal\" data-target=\"#modal-433\">\n\t\t\t\t\t\tLeer m\u00e1s\r\n\t\t\t\t\t<\/button>\n\n\t\t\t\t\t\t\t\t\t\t\t\t\t<br><br>\n\t\t\t\t\t<a href=\"https:\/\/escueladeescritores.com\">Clic aqu\u00ed para visitar su sitio web<\/a>\n\t\t\t\t\t\t\t<\/div>\n\t\t<\/div>\n\t<\/div>\n<\/div>\n<div class=\"slide-direction-left\">\n\t<div class=\"container\">\n\t\t<div class=\"row\">\n\n\t\t\t\n\t\t\t<div class=\"col-sm-4 col-md-5 slide-image\" style=\"background-image: url('https:\/\/creativewritingcuracao.com\/wp-content\/uploads\/2018\/04\/Wintertuin_Curacoa_63.jpg');\"><\/div>\n\t\t\t<div class=\"col-sm-8 col-md-7 slide-content\">\n\t\t\t\t<h2>Wintertuin Cura\u00e7ao<\/h2>\n\t\t\t\t\t\t\t\t\t<p><\/p>\n\t\t\t\t\t<button type=\"button\" class=\"btn\" data-toggle=\"modal\" data-target=\"#modal-436\">\n\t\t\t\t\t\tLeer m\u00e1s\r\n\t\t\t\t\t<\/button>\n\n\t\t\t\t\t\t\t\t\t\t\t\t\t<br><br>\n\t\t\t\t\t<a href=\"https:\/\/www.facebook.com\/wintertuincuracao\/\">Clic aqu\u00ed para visitar su sitio web<\/a>\n\t\t\t\t\t\t\t<\/div>\n\t\t<\/div>\n\t<\/div>\n<\/div>\t\t<\/div>\n\t\t<div class=\"slick-navigation-wrapper col-12\">\n\t\t\t<div class=\"slick-prev-button\"><i class=\"fa fa-angle-left\"><\/i><\/div>\n\t\t\t<div class=\"slick-dots-wrapper\"><\/div>\n\t\t\t<div class=\"slick-next-button\"><i class=\"fa fa-angle-right\"><\/i><\/div>\n\t\t<\/div>\n\t\t\n\t<\/div>\n\n<div class=\"modal fade\" id=\"modal-442\" tabindex=\"-1\" role=\"dialog\" aria-labelledby=\"exampleModalCenterTitle\" aria-hidden=\"true\">\n\t<div class=\"modal-dialog modal-lg modal-dialog-centered\" role=\"document\">\n\t\t<div class=\"modal-content\">\n\t\t\t<div class=\"modal-header\">\n\t\t\t\t<h5 class=\"modal-title\" id=\"exampleModalLongTitle\">ArtEZ Creative Writing (Arnhem, Pa\u00edses Bajos)<\/h5>\n\t\t\t\t<button type=\"button\" class=\"close\" data-dismiss=\"modal\" aria-label=\"Close\">\n\t\t\t\t\t<span aria-hidden=\"true\">&times;<\/span>\n\t\t\t\t<\/button>\n\t\t\t<\/div>\n\t\t\t<div class=\"modal-body\">\n\t\t\t\t<p><p>Creative Writing es una formaci\u00f3n de grado de cuatro a\u00f1os que imparte la Facultad de Arte de Arnhem (ArtEZ). Te preparamos para un ejercicio h\u00edbrido de la profesi\u00f3n. Eso significa que, como escritor, desarrollar\u00e1s tu talento para aplicarlo tanto a tus propias creaciones como a objetivos m\u00e1s pr\u00e1cticos. Los estudios se centran, por un lado, en aprender a crear una obra literaria de forma aut\u00f3noma y, por otro, en la aplicaci\u00f3n de las destrezas necesarias en el terreno de la narraci\u00f3n transmedia y la no ficci\u00f3n: reportajes, ensayos y documentales. Adem\u00e1s aprender\u00e1s c\u00f3mo esas destrezas pueden combinarse con otras disciplinas o ponerse al servicio de ellas. Todos los profesores tienen experiencia laboral en este \u00e1mbito, y esa proximidad al mundo real se traduce en una revisi\u00f3n permanente del curr\u00edculum, de modo que este se adapta a los cambios que se producen en el mundo literario. Entre el profesorado se cuentan autores como Els Moors, Erik Jan Harmens, Tsead Bruinja o Alma Mathijssen.<\/p><\/p>\n\t\t\t<\/div>\n\t\t<\/div>\n\t<\/div>\n<\/div>\n<div class=\"modal fade\" id=\"modal-2119\" tabindex=\"-1\" role=\"dialog\" aria-labelledby=\"exampleModalCenterTitle\" aria-hidden=\"true\">\n\t<div class=\"modal-dialog modal-lg modal-dialog-centered\" role=\"document\">\n\t\t<div class=\"modal-content\">\n\t\t\t<div class=\"modal-header\">\n\t\t\t\t<h5 class=\"modal-title\" id=\"exampleModalLongTitle\">Wintertuin NL<\/h5>\n\t\t\t\t<button type=\"button\" class=\"close\" data-dismiss=\"modal\" aria-label=\"Close\">\n\t\t\t\t\t<span aria-hidden=\"true\">&times;<\/span>\n\t\t\t\t<\/button>\n\t\t\t<\/div>\n\t\t\t<div class=\"modal-body\">\n\t\t\t\t<p><p class=\"p1\">We are Wintertuin. We make connections between readers and writers, literature and other art forms, innovation and the mainstream, and art and society.<\/p><p>We organise festivals, literary programmes and workshops in which we use fiction as a guide to help us navigate through the present. We do this in theatres, libraries, pop venues, asylum seekers centres, nursing homes, at schools and online.<\/p><p>We offer emerging writers space to experiment, and a platform to meet each other and exchange their work. We coach them in the development of an independent professional and artistic practice.<\/p><p>Within our international writing programmes authors, translators and literary professionals work together, crossing the borders between countries and languages.<\/p><p><!--more-->And we publish. We have an online literary platform <a href=\"https:\/\/www.notulenvanhetonzichtbare.nl\/\" target=\"_blank\" rel=\"noopener\">Notulen van het Onzichtbare<\/a>, or \u2018Records of the Invisible\u2019. We also publish books. Our chapbooks are a first example of our writers capabilities and serve as an artistic business card for the literary field. Furthermore, we make books with the stories of newcomers, of elderly people in nursing homes and of inhabitants of Cura\u00e7ao.<\/p><p>We are always curious: about new voices, which we give a stage; about new forms of publishing and writing, and about ways to renew the literary culture.<\/p><\/p>\n\t\t\t<\/div>\n\t\t<\/div>\n\t<\/div>\n<\/div>\n<div class=\"modal fade\" id=\"modal-433\" tabindex=\"-1\" role=\"dialog\" aria-labelledby=\"exampleModalCenterTitle\" aria-hidden=\"true\">\n\t<div class=\"modal-dialog modal-lg modal-dialog-centered\" role=\"document\">\n\t\t<div class=\"modal-content\">\n\t\t\t<div class=\"modal-header\">\n\t\t\t\t<h5 class=\"modal-title\" id=\"exampleModalLongTitle\">Escuela de Escritores (Madrid, Espa\u00f1a)<\/h5>\n\t\t\t\t<button type=\"button\" class=\"close\" data-dismiss=\"modal\" aria-label=\"Close\">\n\t\t\t\t\t<span aria-hidden=\"true\">&times;<\/span>\n\t\t\t\t<\/button>\n\t\t\t<\/div>\n\t\t\t<div class=\"modal-body\">\n\t\t\t\t<p><p><a href=\"https:\/\/escueladeescritores.com\" target=\"_blank\" rel=\"noopener\">Escuela de Escritores<\/a> es el centro de referencia en la ense\u00f1anza de las t\u00e9cnicas de Escritura Creativa en el \u00e1mbito hispanohablante. Con una s\u00f3lida presencia en Internet, por las aulas de Escuela de Escritores en Madrid y por nuestro Campus Virtual han pasado en los \u00faltimos 15 a\u00f1os m\u00e1s de diez mil alumnos, fundamentalmente de Espa\u00f1a y Latinoam\u00e9rica.<\/p><p>Desde 2008, Escuela de Escritores imparte el primer programa de estudios creado en Espa\u00f1a para formar escritores: El M\u00e1ster de Narrativa El arte y el oficio. En sus aulas imparten clase muchos de los m\u00e1s experimentados y talentosos profesores de escritura creativa y, regularmente, acuden a impartir clases magistrales figuras de la talla de Alessandro Baricco, Juan Jos\u00e9 Mill\u00e1s, Enrique Vila-Matas, Almudena Grandes, Juan Mayorga, Rosa Montero o Lorenzo Silva.<\/p><p>Somos miembros de la Asociaci\u00f3n Europea de Programas de Escritura Creativa (EACWP), formada por alguna de las m\u00e1s importantes escuelas de escritura creativa de Europa. Y tambi\u00e9n somos el primer programa europeo en formar parte de la Red de Programas de Escritura de las Am\u00e9ricas, que re\u00fane a universidades e instituciones de Latinoam\u00e9rica y Norteam\u00e9rica que tienen programas de escritura en espa\u00f1ol.<\/p><p>Unidas por el amor a la escritura y la pasi\u00f3n por la ense\u00f1anza, intercambiamos experiencias y trabajamos juntos para mejorar la ense\u00f1anza que ofrecemos a nuestros alumnos.<\/p><\/p>\n\t\t\t<\/div>\n\t\t<\/div>\n\t<\/div>\n<\/div>\n<div class=\"modal fade\" id=\"modal-436\" tabindex=\"-1\" role=\"dialog\" aria-labelledby=\"exampleModalCenterTitle\" aria-hidden=\"true\">\n\t<div class=\"modal-dialog modal-lg modal-dialog-centered\" role=\"document\">\n\t\t<div class=\"modal-content\">\n\t\t\t<div class=\"modal-header\">\n\t\t\t\t<h5 class=\"modal-title\" id=\"exampleModalLongTitle\">Wintertuin Cura\u00e7ao<\/h5>\n\t\t\t\t<button type=\"button\" class=\"close\" data-dismiss=\"modal\" aria-label=\"Close\">\n\t\t\t\t\t<span aria-hidden=\"true\">&times;<\/span>\n\t\t\t\t<\/button>\n\t\t\t<\/div>\n\t\t\t<div class=\"modal-body\">\n\t\t\t\t<p><p><em>Wintertuin Cura\u00e7ao<\/em> intenta establecer v\u00ednculos entre personas a partir de las historias orales y escritas. <em>Wintertuin Cura\u00e7ao<\/em> quiere impulsar, de una forma socialmente significativa, el arte y la cultura locales. Uno de nuestros proyectos, <em>Kur\u00e1 di Kuenta<\/em>, es un programa para el desarrollo del talento literario entre personas de m\u00e1s de ochenta a\u00f1os. Durante medio a\u00f1o, estudiantes y j\u00f3venes escritores de Curazao trabajan con los ancianos, ayud\u00e1ndoles a rememorar y escribir sus historias. El resultado se publica en papel, se graba en podcast y se representa sobre un escenario. Desde 2018 hay dos ediciones anuales de <em>Kur\u00e1 di Kuenta<\/em>. En este innovador proyecto para la tercera edad cooperamos con socios locales del mundo de la educaci\u00f3n, la cultura y la sanidad.<\/p><p><em>Kur\u00e1 di Kuenta<\/em> es todo un \u00e9xito, y se ha convertido en una referencia para otros proyectos que aspiran a aumentar la cohesi\u00f3n social a trav\u00e9s de la literatura, la escritura y, en general, la narraci\u00f3n de historias. Los pr\u00f3ximos a\u00f1os nos centraremos en proyectos con impacto social, proyectos educativos, planificaci\u00f3n de eventos y tutorizaci\u00f3n de escritores j\u00f3venes para que puedan convertirse en profesionales aut\u00f3nomos.<\/p><\/p>\n\t\t\t<\/div>\n\t\t<\/div>\n\t<\/div>\n<\/div><\/div>\n<\/div>\n\n\t<\/div>\n<\/section>\n<section class=\"fw-main-row  section-heading\" id=\"dates-prices\"  >\n\t<div class=\"fw-container-fluid\">\n\t\t<div class=\"fw-row\">\n\t<div class=\"fw-col-xs-12\" id=\"\">\n\t<div class=\"fw-heading fw-heading-h2 fw-heading-center\">\n\t\t<h2 class='fw-special-title'>Calendario & Precio<\/h2>\t<\/div><\/div>\n<\/div>\n\n\t<\/div>\n<\/section>\n<section class=\"fw-main-row \" id=\"\" style=\"background-color:#efac3c;\" >\n\t<div class=\"fw-container\">\n\t\t<div class=\"fw-row\">\n\t<div class=\"fw-col-xs-12\" id=\"\">\n\t\n\t<div class=\"fw-divider-space\" style=\"padding-top: 80px;\"><\/div>\n<\/div>\n<\/div>\n\n\t<\/div>\n<\/section>\n<section class=\"fw-main-row \" id=\"\" style=\"background-color:#ffffff;\" >\n\t<div class=\"fw-container\">\n\t\t<div class=\"fw-row\">\n\t<div class=\"fw-col-xs-12\" id=\"\">\n\t\n\t<div class=\"fw-divider-space\" style=\"padding-top: 80px;\"><\/div>\n<\/div>\n<\/div>\n\n<div class=\"fw-row\">\n\t<div class=\"fw-col-xs-12 fw-col-sm-6 course\" id=\"\">\n\t<div class=\"fw-heading fw-heading-h2 \">\n\t\t<h2 class='fw-special-title'>Cursos de invierno<\/h2>\t\t\t<div class=\"fw-special-subtitle\">Marzo 2025<\/div>\n\t<\/div><\/div>\n<div class=\"fw-col-xs-12 fw-col-sm-6 course\" id=\"\">\n\t<div class=\"fw-heading fw-heading-h2 \">\n\t\t<h2 class='fw-special-title'>Cursos de verano<\/h2>\t\t\t<div class=\"fw-special-subtitle\">Septembre, 2024: cursos en Holandes y Papiamentu<\/div>\n\t<\/div><\/div>\n<\/div>\n\n<div class=\"fw-row\">\n\t<div class=\"fw-col-xs-12\" id=\"\">\n\t\n\t<div class=\"fw-divider-space\" style=\"padding-top: 40px;\"><\/div>\n<\/div>\n<\/div>\n\n<div class=\"fw-row\">\n\t<div class=\"fw-col-xs-12 fw-col-sm-6\" id=\"\">\n\t<p><strong>TARIFAS<\/strong><\/p><p>\u2014La cuota para el curso de introducci\u00f3n a la Escritura Creativa es de 750 \u20ac \/ $ 850 \/ 1500 ANG.<\/p><p>\u2014Si eres estudiante: 500 \u20ac \/ $ 570 \/ 1000 ANG.<\/p><p>\u2014Si resides en Curazao, Aruba o Bonaire: 500 \u20ac \/ $570 USD \/ 1000 ANG.<\/p><p>La cuota incluye 10 d\u00edas de curso (8 clases en grupo, 1 tutor\u00eda personalizada y 2 <em>masterclasses<\/em>). El \u00faltimo d\u00eda tendremos una presentaci\u00f3n p\u00fablica y la entrega de certificados. Incluye una clase gratuita y opcional <em>Cultura y literatura del Caribe<\/em>.<\/p><p>El curso es una gran oportunidad para extender tu red de contactos. Durante las actividades adicionales conocer\u00e1s a los otros participantes, y a todos los profesores y representantes de las entidades implicadas.<\/p><p>Los estudiantes con carn\u00e9 de estudiante v\u00e1lido tendr\u00e1n un descuento. Tambi\u00e9n ofrecemos la opci\u00f3n de pago en cuotas. Si lo necesitas, ind\u00edcalo en la ficha de inscripci\u00f3n.<\/p><\/div>\n<div class=\"fw-col-xs-12 fw-col-sm-6\" id=\"\">\n\t<h3>Beca<\/h3><p>Disponemos de una beca de 500 euros para un participante. La beca cubre, por tanto, una parte de la matr\u00edcula. El beneficiario tendr\u00e1 que hacerse cargo de los gastos de viaje y alojamiento, y solo abonar 250 euros por el curso. La concesi\u00f3n se determinar\u00e1 en funci\u00f3n de la carta de motivaci\u00f3n.<\/p><h3>Alojamiento<\/h3><p>El viaje y la estancia corren por tu cuenta. Disponemos de 20 habitaciones en el campus de la Universidad de Curazao. El precio por noche es de 60,00 NAF \/ $33,00 \/ 28,00 \u20ac (habitaci\u00f3n individual con ba\u00f1o compartido, incluye comidas). <\/p><p>Si te interesa este alojamiento, revisa el apartado de Preguntas Frecuentes y contacta con nosotros. No dudes en ponerte en contacto con nosotros si quieres informaci\u00f3n sobre otras posibilidades de alojamiento. Podemos guiarte con el alojamiento y el transporte, y ponerte en contacto con otros estudiantes para compartirlos. <\/p><p>En el apartado de Preguntas Frecuentes encontrar\u00e1s m\u00e1s datos sobre transporte, alquiler de coches, alojamiento y viaje.<\/p><\/div>\n<\/div>\n\n\t<\/div>\n<\/section>\n<section class=\"fw-main-row  section-heading\" id=\"subscribe\"  >\n\t<div class=\"fw-container-fluid\">\n\t\t<div class=\"fw-row\">\n\t<div class=\"fw-col-xs-12\" id=\"\">\n\t<div class=\"fw-heading fw-heading-h2 fw-heading-center\">\n\t\t<h2 class='fw-special-title'>Inscripci\u00f3n<\/h2>\t<\/div><\/div>\n<\/div>\n\n<div class=\"fw-row\">\n\t<div class=\"fw-col-xs-12\" id=\"\">\n\t<div class=\"fw-heading fw-heading-h3 fw-heading-center\">\n\t\t<h3 class='fw-special-title'>\u00a1Quiero participar!<\/h3>\t<\/div><\/div>\n<\/div>\n\n\t<\/div>\n<\/section>\n<section class=\"fw-main-row \" id=\"how-does-it-work\" style=\"background-color:#ffffff;\" >\n\t<div class=\"fw-container\">\n\t\t<div class=\"fw-row\">\n\t<div class=\"fw-col-xs-12\" id=\"\">\n\t\n\t<div class=\"fw-divider-space\" style=\"padding-top: 80px;\"><\/div>\n<\/div>\n<\/div>\n\n<div class=\"fw-row\">\n\t<div class=\"fw-col-xs-12 fw-col-sm-6\" id=\"\">\n\t<h3><strong>\u00bfQu\u00e9 hay que hacer para apuntarse?<\/strong><\/h3><p>Si vas a inscribirte al curso en espa\u00f1ol, impartido por Rub\u00e9n Abella y Chiki Fabregat, puedes hacerlo o bien en el formulario de la derecha, o bien en la p\u00e1gina web de <a href=\"https:\/\/escueladeescritores.com\/inscripcion-a-curso\/?course_id=2683\" target=\"_blank\" rel=\"noopener\"> Escuela de Escritores<\/a>.<\/p><p>1. Si vas a inscribirte directamente en esta p\u00e1gina web elige uno de los grupos al rellenar el formulario que encontrar\u00e1s a continuaci\u00f3n:<\/p><ul><li>Introducci\u00f3n a la Escritura Creativa con Chiki Fabregat y Rub\u00e9n Abella (espa\u00f1ol\/ingl\u00e9s)<\/li><li>Introducci\u00f3n a la Escritura Creativa con Frank Tazelaar (neerland\u00e9s\/ingl\u00e9s)<\/li><li>Segundo Nivel de Escritura Creativa con Frank Tazelaar (solo para antiguos alumnos, se impartir\u00e1 en neerland\u00e9s)<\/li><\/ul><p>2. Rellena todos los campos del formulario. No olvides leer las <a href=\"https:\/\/creativewritingcuracao.com\/es\/#faq\">FAQ<\/a> y las <a href=\"https:\/\/creativewritingcuracao.com\/wp-content\/uploads\/2019\/04\/algemene-voorwaarden-SpaansEngels.pdf\" target=\"_blank\" rel=\"noopener\">condiciones generales<\/a>.<\/p><p>3. En el formulario podr\u00e1s elegir la opci\u00f3n de abonar en cuotas o para todo el curso. Elige lo que prefieras antes de <em>aceptar<\/em> y pasar a la p\u00e1gina de pago.<\/p><p>4. El plazo de preinscripci\u00f3n finaliza el <strong>15 de enero<\/strong>. Tu inscripci\u00f3n se considerar\u00e1 definitiva cuando hayas abonado la matr\u00edcula en su totalidad.<\/p><p>5. Si eres beneficiario de la beca, se te devolver\u00e1 el importe que hayas abonado.<\/p><p>En cada clase se admiten, como m\u00e1ximo, 20 alumnos. \u00a1No lo dejes para \u00faltima hora!<\/p><\/div>\n<div class=\"fw-col-xs-12 fw-col-sm-6 contact-section\" id=\"\">\n\t<p>Por favor, rellena todos los campos marcados con (*).<\/p><p><\/p><\/div>\n<\/div>\n\n<div class=\"fw-row\">\n\t<div class=\"fw-col-xs-12\" id=\"\">\n\t\n\t<div class=\"fw-divider-space\" style=\"padding-top: 80px;\"><\/div>\n<\/div>\n<\/div>\n\n\t<\/div>\n<\/section>\n<section class=\"fw-main-row  section-heading section-heading-inverted\" id=\"faq\"  >\n\t<div class=\"fw-container-fluid\">\n\t\t<div class=\"fw-row\">\n\t<div class=\"fw-col-xs-12\" id=\"\">\n\t<div class=\"fw-heading fw-heading-h2 fw-heading-center\">\n\t\t<h2 class='fw-special-title'>Preguntas Frecuentes<\/h2>\t<\/div><\/div>\n<\/div>\n\n\t<\/div>\n<\/section>\n<section class=\"fw-main-row \" id=\"\" style=\"background-color:#ffffff;\" >\n\t<div class=\"fw-container\">\n\t\t<div class=\"fw-row\">\n\t<div class=\"fw-col-xs-12\" id=\"\">\n\t\n\t<div class=\"fw-divider-space\" style=\"padding-top: 80px;\"><\/div>\n<div class=\"fw-heading fw-heading-h5 \">\n\t\t<h5 class='fw-special-title'>Cursos<\/h5>\t<\/div><div class=\"fw-accordion\">\n\t\t\t<h3 class=\"fw-accordion-title\">\u00bfQu\u00e9 horarios tiene el curso?<\/h3>\n\t\t<div class=\"fw-accordion-content\">\n\t\t\t<p><ul><li>Los cursos se impartir\u00e1n en la Universidad de Curazao, entre las 18:00 y las 21:00, a excepci\u00f3n de las tutor\u00edas individuales, que se realizar\u00e1n durante el d\u00eda y con cita previa.<\/li><\/ul><\/p>\n\t\t<\/div>\n\t\t\t<h3 class=\"fw-accordion-title\">\u00bfCu\u00e1nto tiempo debo reservar para hacer deberes? <\/h3>\n\t\t<div class=\"fw-accordion-content\">\n\t\t\t<p><ul><li>Fuera de clase tendr\u00e1s que leer textos y trabajar en la escritura de tu proyecto, por lo que es probable que necesites entre dos y tres horas al d\u00eda.<\/li><\/ul><\/p>\n\t\t<\/div>\n\t\t\t<h3 class=\"fw-accordion-title\">\u00bfQu\u00e9 nivel se requiere para participar en los cursos? <\/h3>\n\t\t<div class=\"fw-accordion-content\">\n\t\t\t<p><ul><li>Puedes realizar los cursos tanto si eres principiante (sin formaci\u00f3n previa en escritura creativa) como si tienes algo de experiencia escribiendo. Los ejercicios y el acompa\u00f1amiento se ajustar\u00e1n a tu nivel.<\/li><\/ul><\/p>\n\t\t<\/div>\n\t\t\t<h3 class=\"fw-accordion-title\">\u00bfTengo que comprar libros o alg\u00fan otro material para el curso? <\/h3>\n\t\t<div class=\"fw-accordion-content\">\n\t\t\t<p><ul><li>Solo tienes que traer lo que necesites para escribir, es decir: un port\u00e1til o un cuaderno.<\/li><\/ul><\/p>\n\t\t<\/div>\n\t\t\t<h3 class=\"fw-accordion-title\">\u00bfQu\u00e9 est\u00e1 incuido en el precio?<\/h3>\n\t\t<div class=\"fw-accordion-content\">\n\t\t\t<p><ul><li>Est\u00e1n incluido: 8 clases con Frank Tazelaar o Javier Sagarna, 1 sesi\u00f3n individual (tutor\u00eda), 2 <em>masterclasses<\/em> sobre <em>El papel de las emociones en la escritura<\/em> con Mariana Torres, 1 clase <em>Capita Selecta<\/em> sobre literatura y cultura caribe\u00f1a\u00a0 y la presentaci\u00f3n final del curso.<\/li><li>No est\u00e1 incluido: el alojamiento, el transporte, ni las comidas y bebidas.<\/li><\/ul><\/p>\n\t\t<\/div>\n\t\t\t<h3 class=\"fw-accordion-title\">\u00bfPodr\u00e9 escribir en mi idioma? <\/h3>\n\t\t<div class=\"fw-accordion-content\">\n\t\t\t<p><ul><li>S\u00ed. Ambos cursos est\u00e1n pensados para que puedas escribir en cualquiera de estos idiomas:<\/li><\/ul><ol><li>Espa\u00f1ol, papiamento e ingl\u00e9s en el curso impartido en espa\u00f1ol e ingl\u00e9s, con Javier Sagarna.<\/li><li>Neerland\u00e9s, papiamento e ingl\u00e9s en el curso impartido en ingl\u00e9s y holand\u00e9s, con Frank Tazelaar.<\/li><\/ol><ul><li>Los cursos cuentan con tutores pol\u00edglotas para ayudar en los comentarios de texto y las traducciones.<\/li><\/ul><\/p>\n\t\t<\/div>\n\t<\/div>\n\t<div class=\"fw-divider-space\" style=\"padding-top: 80px;\"><\/div>\n<div class=\"fw-heading fw-heading-h5 \">\n\t\t<h5 class='fw-special-title'>Actividades<\/h5>\t<\/div><div class=\"fw-accordion\">\n\t\t\t<h3 class=\"fw-accordion-title\">\u00bfHay alguna actividad en grupo? <\/h3>\n\t\t<div class=\"fw-accordion-content\">\n\t\t\t<p><ul><li>\u00a1S\u00ed! Organizaremos un paseo a la luz de la luna en la zona norte de la isla, y una barbacoa. Tambi\u00e9n visitaremos el famoso hotel <em>Avila Beach<\/em> la noche del \u00faltimo jueves de clase para escuchar m\u00fasica y cenar juntos.<\/li><\/ul><\/p>\n\t\t<\/div>\n\t<\/div>\n\t<div class=\"fw-divider-space\" style=\"padding-top: 80px;\"><\/div>\n<div class=\"fw-heading fw-heading-h5 \">\n\t\t<h5 class='fw-special-title'>Alojamiento y transporte<\/h5>\t<\/div><div class=\"fw-accordion\">\n\t\t\t<h3 class=\"fw-accordion-title\">\u00bfD\u00f3nde puedo dormir? \u00bfPod\u00e9is ayudarme buscando alojamiento? <\/h3>\n\t\t<div class=\"fw-accordion-content\">\n\t\t\t<p><ul><li>Puedes reservar una habitaci\u00f3n en la Universidad de Curazao. Tenemos 20 habitaciones disponibles por 28 <span class=\"st\">\u20ac<\/span> la noche (<span class=\"ILfuVd\">$<\/span>33 USD, 60 NAF). Son habitaciones privadas con ba\u00f1o compartido, y las comidas est\u00e1n incluidas.<\/li><li>Si quieres reservar una de estas habitaciones, ponte en contacto con <a href=\"mailto:m.warnier@artez.nl\"><u>Monique Warnier<\/u><\/a>. Monique es la coordinadora de los cursos de Escritura Creativa, trabaja en la Universidad de Artes <em>ArtEZ<\/em> en Holanda y habla ingl\u00e9s y holand\u00e9s.<\/li><li>Si necesitas otras opciones de alojamiento, \u00e9chale un vistazo a <a href=\"https:\/\/www.curacao.com\/\" target=\"_blank\" rel=\"noopener\">la web oficial de Curazao<\/a>. Aqu\u00ed encontrar\u00e1s toda la informaci\u00f3n que necesites sobre la isla, sus eventos y actividades, y los lugares de alojamiento disponibles. Te recomendamos visitar <a href=\"https:\/\/www.curacao.com\/en\/faq\/\" target=\"_blank\" rel=\"noopener\">la secci\u00f3n de preguntas frecuentes<\/a>, que es especialmente \u00fatil.<\/li><\/ul><\/p>\n\t\t<\/div>\n\t\t\t<h3 class=\"fw-accordion-title\">\u00bfTengo que alquilar un coche o con el transporte p\u00fablico ser\u00e1 suficiente? <\/h3>\n\t\t<div class=\"fw-accordion-content\">\n\t\t\t<p><ul><li>Te recomendamos alquilar un coche. Si quieres conocer la isla a fondo, explorar sus rincones en tu tiempo libre y vivir al m\u00e1ximo la experiencia de Curazao, lo necesitar\u00e1s.<\/li><\/ul><\/p>\n\t\t<\/div>\n\t\t\t<h3 class=\"fw-accordion-title\">\u00bfNecesito un seguro de viaje? <\/h3>\n\t\t<div class=\"fw-accordion-content\">\n\t\t\t<p><ul><li>S\u00ed, si no eres residente. Todos los participantes que viajen a Curazao desde el extranjero deben tener un seguro de viaje. No olvides comprobar que el seguro incluye todo lo necesario en cuanto a salud y repatriaci\u00f3n, para que puedas volver a casa en caso de emergencia.<\/li><\/ul><\/p>\n\t\t<\/div>\n\t\t\t<h3 class=\"fw-accordion-title\">Otros alojamientos recomendados<\/h3>\n\t\t<div class=\"fw-accordion-content\">\n\t\t\t<p><ul><li><a href=\"https:\/\/www.poppyhostelcuracao.com\/\" target=\"_blank\" rel=\"noopener\">Poppy Hostel Curazao<\/a>: ubicado en Otrobanda. Hostal econ\u00f3mico con instalaciones compartidas a partir de 20\u20ac la noche.<\/li><li><a href=\"https:\/\/www.firstcuracaohostel.com\/en\/\" target=\"_blank\" rel=\"noopener\">First Curazao Hotel<\/a>: ubicado in Scharloo. Albergue moderno con dormitorios por 20\u20ac la noche. Buena ubicaci\u00f3n.<\/li><li><a href=\"http:\/\/bed-breakfast-la-creole-hostel-la-creole.business.site\/\" target=\"_blank\" rel=\"noopener\">Bed &amp; Breakfast La Creole<\/a>: ubicado en Berg Altena. A partir de 30\u20ac la noche. No est\u00e1 muy cerca de la universidad (a unos 20 minutos).<\/li><li><a href=\"http:\/\/rian-appartementen.com\/en\/home\" target=\"_blank\" rel=\"noopener\">Rian Appartementen<\/a>: ubicado en Julianadorp. Peque\u00f1os apartamentos, a partir de 30\u20ac la noche.<\/li><li><a href=\"https:\/\/www.willemstad-resort.com\/\" target=\"_blank\" rel=\"noopener\">Willemstad Resort<\/a>: ubicado en Otrobanda. Tambi\u00e9n dispone de servicio de alquiler de coches. Habitaciones a partir de 30\u20ac la noche.<\/li><li><a href=\"http:\/\/dan-sher-apartments.all-hotels-in-curacao.com\/\" target=\"_blank\" rel=\"noopener\">Dan Sher Apartments<\/a>: ubicado en Souax, entre el aeropuerto y la universidad. A partir de 30\u20ac la noche.<\/li><li><a href=\"http:\/\/www.annidas.com\/\" target=\"_blank\" rel=\"noopener\">Annidas<\/a>: ubicado en Julianadorp. A partir de 55\u20ac la noche.<\/li><li><a href=\"https:\/\/www.kasdiala.com\/curacao\/\" target=\"_blank\" rel=\"noopener\">Kasdiala<\/a>: ubicado en Julianadorp. A partir de 80\u20ac la noche.<\/li><\/ul><\/p>\n\t\t<\/div>\n\t<\/div>\n\t<div class=\"fw-divider-space\" style=\"padding-top: 80px;\"><\/div>\n<div class=\"fw-heading fw-heading-h5 \">\n\t\t<h5 class='fw-special-title'>Tengo m\u00e1s preguntas...<\/h5>\t<\/div><div class=\"fw-accordion\">\n\t\t\t<h3 class=\"fw-accordion-title\">Tengo preguntas que no est\u00e1n resueltas aqu\u00ed, \u00bfcon qui\u00e9n puedo hablar?<\/h3>\n\t\t<div class=\"fw-accordion-content\">\n\t\t\t<p><ul><li>Si necesitas informaci\u00f3n en espa\u00f1ol, puedes enviarle un email a <a href=\"mailto:lara@escueladeescritores.com\"><u>Lara Coto<\/u><\/a>, de la Escuela de Escritores en <strong>Madrid<\/strong>.<\/li><li>Tambi\u00e9n puedes escribir a <a href=\"mailto:Joeri@wintertuin.nl\">Joeri Oltheten<\/a>, nuestro tutor residente en la <strong>isla de Curazao<\/strong>. Joeri habla ingl\u00e9s, espa\u00f1ol, holand\u00e9s y papiamento con fluidez, as\u00ed que el idioma no ser\u00e1 ning\u00fan problema.<\/li><li>Si prefieres hablar con nuestra escuela en <strong>Holanda<\/strong>, ponte en contacto con <a href=\"mailto:m.warnier@artez.nl\">Monique Warnier<\/a>. Monique es la coordinadora de los cursos de Escritura Creativa Curazao, trabaja en la Universidad de Artes <em>ArtEZ<\/em> en Holanda y habla ingl\u00e9s y neerland\u00e9s.<\/li><\/ul><\/p>\n\t\t<\/div>\n\t<\/div>\n\t<div class=\"fw-divider-space\" style=\"padding-top: 80px;\"><\/div>\n<\/div>\n<\/div>\n\n\t<\/div>\n<\/section>\n<section class=\"fw-main-row  section-heading\" id=\"contact\"  >\n\t<div class=\"fw-container-fluid\">\n\t\t<div class=\"fw-row\">\n\t<div class=\"fw-col-xs-12\" id=\"\">\n\t<div class=\"fw-heading fw-heading-h2 fw-heading-center\">\n\t\t<h2 class='fw-special-title'>Contacto<\/h2>\t<\/div><\/div>\n<\/div>\n\n<div class=\"fw-row\">\n\t<div class=\"fw-col-xs-12\" id=\"\">\n\t<div class=\"fw-heading fw-heading-h3 fw-heading-center\">\n\t\t<h3 class='fw-special-title'>Si quieres m\u00e1s informaci\u00f3n escribe a:<\/h3>\t<\/div><\/div>\n<\/div>\n\n\t<\/div>\n<\/section>\n<section class=\"fw-main-row \" id=\"\" style=\"background-color:#efac3c;\" >\n\t<div class=\"fw-container\">\n\t\t<div class=\"fw-row\">\n\t<div class=\"fw-col-xs-12 fw-col-sm-6\" id=\"\">\n\t<p style=\"text-align: right;\"><span style=\"color: #ffffff;\">ArtEZ <em>Creative Writing<\/em><br \/>Onderlangs 9, 6812 CE Arnhem<br \/>m.warnier@artez.nl<\/span><\/p><p>&nbsp;<\/p><\/div>\n<div class=\"fw-col-xs-12 fw-col-sm-6\" id=\"\">\n\t<p><span style=\"color: #ffffff;\">Wintertuin Cura\u00e7ao<br \/>Steenkoolweg 16, Willemstad Cura\u00e7ao joeri@wintertuin.nl<\/span><\/p><p><span style=\"color: #ffffff;\">Escuela de Escritores<br \/>Covarrubias 1, Madrid |  +34 91 758 3187 lara@escueladeescritores.com<\/span><\/p><\/div>\n<\/div>\n\n\t<\/div>\n<\/section>\n<section class=\"fw-main-row \" id=\"footer\"  >\n\t<div class=\"fw-container\">\n\t\t<div class=\"fw-row\">\n\t<div class=\"fw-col-xs-12\" id=\"\">\n\t\n\t<div class=\"fw-divider-space\" style=\"padding-top: 80px;\"><\/div>\n<\/div>\n<\/div>\n\n<div class=\"fw-row\">\n\t<div class=\"fw-col-xs-12 fw-col-sm-3\" id=\"\">\n\t<div class=\"page\" title=\"Page 1\"><div class=\"layoutArea\"><div class=\"column\"><p>&nbsp;<\/p><ul><li><a href=\"#courses\">Cursos<\/a><\/li><li><a href=\"#teachers\">Profesores<\/a><\/li><li class=\"nav-item\"><a href=\"#organization\">Organizadores<\/a><\/li><li class=\"nav-item\"><a href=\"#dates-prices\">Fechas &amp; precio<\/a><\/li><li class=\"nav-item\"><a href=\"#subscribe\">Inscripci\u00f3n<\/a><\/li><li><a href=\"#faq\">FAQ<\/a><\/li><li class=\"nav-item\"><a href=\"#contact\">Contacto<\/a><\/li><li><a href=\"https:\/\/creativewritingcuracao.com\/wp-content\/uploads\/2019\/04\/algemene-voorwaarden-SpaansEngels.pdf\" target=\"_blank\" rel=\"noopener\"><span class=\"tlid-translation translation\" lang=\"es\"><span class=\"\" title=\"\">T\u00e9rminos y condiciones<\/span><\/span><\/a><\/li><\/ul><p>&nbsp;<\/p><\/div><\/div><\/div><\/div>\n<div class=\"fw-col-xs-12 fw-col-sm-9\" id=\"\">\n\t<footer class=\"img-footer\"><a href=\"https:\/\/www.facebook.com\/wintertuincuracao\/\" target=\"_blank\" rel=\"noopener\"><i class=\"fab fa-facebook-square\">facebook<\/i><\/a><br \/><a href=\"https:\/\/www.instagram.com\/denieuweoostwintertuin\/\" target=\"_blank\" rel=\"noopener\"><i class=\"fab fa-instagram\">instagram<\/i><\/a><br \/><a href=\"https:\/\/twitter.com\/denieuweoost\" target=\"_blank\" rel=\"noopener\"><i class=\"fab fa-twitter\">twitter<\/i><\/a><br \/><img decoding=\"async\" class=\"alignnone size-medium wp-image-247\" src=\"https:\/\/creativewritingcuracao.com\/wp-content\/uploads\/2019\/04\/Wintertuin_Curacoa_64-300x300.jpg\" alt=\"\" \/><br \/><img loading=\"lazy\" decoding=\"async\" width=\"300\" height=\"300\" class=\"alignnone size-medium wp-image-248\" src=\"https:\/\/creativewritingcuracao.com\/wp-content\/uploads\/2018\/04\/02.-escuele_escritores_madrid-300x300.jpg\" alt=\"\" srcset=\"https:\/\/creativewritingcuracao.com\/wp-content\/uploads\/2018\/04\/02.-escuele_escritores_madrid-300x300.jpg 300w, https:\/\/creativewritingcuracao.com\/wp-content\/uploads\/2018\/04\/02.-escuele_escritores_madrid-150x150.jpg 150w, https:\/\/creativewritingcuracao.com\/wp-content\/uploads\/2018\/04\/02.-escuele_escritores_madrid-768x768.jpg 768w, https:\/\/creativewritingcuracao.com\/wp-content\/uploads\/2018\/04\/02.-escuele_escritores_madrid-455x455.jpg 455w, https:\/\/creativewritingcuracao.com\/wp-content\/uploads\/2018\/04\/02.-escuele_escritores_madrid.jpg 900w\" sizes=\"auto, (max-width: 300px) 100vw, 300px\" \/><br \/><img loading=\"lazy\" decoding=\"async\" width=\"300\" height=\"56\" class=\"alignnone size-medium wp-image-249\" src=\"https:\/\/creativewritingcuracao.com\/wp-content\/uploads\/2018\/04\/03.-artez_university_ofthearts-300x56.jpg\" alt=\"\" srcset=\"https:\/\/creativewritingcuracao.com\/wp-content\/uploads\/2018\/04\/03.-artez_university_ofthearts-300x56.jpg 300w, https:\/\/creativewritingcuracao.com\/wp-content\/uploads\/2018\/04\/03.-artez_university_ofthearts-768x143.jpg 768w, https:\/\/creativewritingcuracao.com\/wp-content\/uploads\/2018\/04\/03.-artez_university_ofthearts-1024x191.jpg 1024w, https:\/\/creativewritingcuracao.com\/wp-content\/uploads\/2018\/04\/03.-artez_university_ofthearts.jpg 1800w\" sizes=\"auto, (max-width: 300px) 100vw, 300px\" \/><br \/><img loading=\"lazy\" decoding=\"async\" width=\"300\" height=\"112\" class=\"alignnone size-medium wp-image-250\" src=\"https:\/\/creativewritingcuracao.com\/wp-content\/uploads\/2018\/04\/04.-universiteit-curacao-300x112.jpg\" alt=\"\" srcset=\"https:\/\/creativewritingcuracao.com\/wp-content\/uploads\/2018\/04\/04.-universiteit-curacao-300x112.jpg 300w, https:\/\/creativewritingcuracao.com\/wp-content\/uploads\/2018\/04\/04.-universiteit-curacao.jpg 476w\" sizes=\"auto, (max-width: 300px) 100vw, 300px\" \/><\/footer><\/div>\n<\/div>\n\n<div class=\"fw-row\">\n\t<div class=\"fw-col-xs-12\" id=\"\">\n\t\n\t<div class=\"fw-divider-space\" style=\"padding-top: 80px;\"><\/div>\n<\/div>\n<\/div>\n\n\t<\/div>\n<\/section>\n<\/p>\n","protected":false},"excerpt":{"rendered":"","protected":false},"author":1,"featured_media":0,"parent":0,"menu_order":0,"comment_status":"closed","ping_status":"open","template":"","meta":{"footnotes":""},"class_list":["post-293","page","type-page","status-publish","hentry"],"yoast_head":"<!-- This site is optimized with the Yoast SEO plugin v27.4 - https:\/\/yoast.com\/product\/yoast-seo-wordpress\/ -->\n<title>Home - Creative Writing Curacao<\/title>\n<meta name=\"robots\" content=\"index, follow, max-snippet:-1, max-image-preview:large, max-video-preview:-1\" \/>\n<link rel=\"canonical\" href=\"https:\/\/creativewritingcuracao.com\/es\/\" \/>\n<meta property=\"og:locale\" content=\"es_ES\" \/>\n<meta property=\"og:type\" content=\"article\" \/>\n<meta property=\"og:title\" content=\"Home - Creative Writing Curacao\" \/>\n<meta property=\"og:url\" content=\"https:\/\/creativewritingcuracao.com\/es\/\" \/>\n<meta property=\"og:site_name\" content=\"Creative Writing Curacao\" \/>\n<meta property=\"article:modified_time\" content=\"2024-06-20T15:02:02+00:00\" \/>\n<meta property=\"og:image\" content=\"https:\/\/creativewritingcuracao.com\/wp-content\/uploads\/2019\/05\/cursos-equipo.jpg\" \/>\n<meta name=\"twitter:card\" content=\"summary_large_image\" \/>\n<meta name=\"twitter:label1\" content=\"Est. reading time\" \/>\n\t<meta name=\"twitter:data1\" content=\"23 minutes\" \/>\n<script type=\"application\/ld+json\" class=\"yoast-schema-graph\">{\"@context\":\"https:\\\/\\\/schema.org\",\"@graph\":[{\"@type\":\"WebPage\",\"@id\":\"https:\\\/\\\/creativewritingcuracao.com\\\/es\\\/\",\"url\":\"https:\\\/\\\/creativewritingcuracao.com\\\/es\\\/\",\"name\":\"Home - Creative Writing Curacao\",\"isPartOf\":{\"@id\":\"https:\\\/\\\/creativewritingcuracao.com\\\/#website\"},\"primaryImageOfPage\":{\"@id\":\"https:\\\/\\\/creativewritingcuracao.com\\\/es\\\/#primaryimage\"},\"image\":{\"@id\":\"https:\\\/\\\/creativewritingcuracao.com\\\/es\\\/#primaryimage\"},\"thumbnailUrl\":\"https:\\\/\\\/creativewritingcuracao.com\\\/wp-content\\\/uploads\\\/2019\\\/05\\\/cursos-equipo.jpg\",\"datePublished\":\"2018-04-06T10:04:34+00:00\",\"dateModified\":\"2024-06-20T15:02:02+00:00\",\"breadcrumb\":{\"@id\":\"https:\\\/\\\/creativewritingcuracao.com\\\/es\\\/#breadcrumb\"},\"inLanguage\":\"es-ES\",\"potentialAction\":[{\"@type\":\"ReadAction\",\"target\":[\"https:\\\/\\\/creativewritingcuracao.com\\\/es\\\/\"]}]},{\"@type\":\"ImageObject\",\"inLanguage\":\"es-ES\",\"@id\":\"https:\\\/\\\/creativewritingcuracao.com\\\/es\\\/#primaryimage\",\"url\":\"https:\\\/\\\/creativewritingcuracao.com\\\/wp-content\\\/uploads\\\/2019\\\/05\\\/cursos-equipo.jpg\",\"contentUrl\":\"https:\\\/\\\/creativewritingcuracao.com\\\/wp-content\\\/uploads\\\/2019\\\/05\\\/cursos-equipo.jpg\"},{\"@type\":\"BreadcrumbList\",\"@id\":\"https:\\\/\\\/creativewritingcuracao.com\\\/es\\\/#breadcrumb\",\"itemListElement\":[{\"@type\":\"ListItem\",\"position\":1,\"name\":\"Home\",\"item\":\"https:\\\/\\\/creativewritingcuracao.com\\\/es\\\/\"},{\"@type\":\"ListItem\",\"position\":2,\"name\":\"Home\"}]},{\"@type\":\"WebSite\",\"@id\":\"https:\\\/\\\/creativewritingcuracao.com\\\/#website\",\"url\":\"https:\\\/\\\/creativewritingcuracao.com\\\/\",\"name\":\"Creative Writing Curacao\",\"description\":\"\",\"publisher\":{\"@id\":\"https:\\\/\\\/creativewritingcuracao.com\\\/#organization\"},\"potentialAction\":[{\"@type\":\"SearchAction\",\"target\":{\"@type\":\"EntryPoint\",\"urlTemplate\":\"https:\\\/\\\/creativewritingcuracao.com\\\/?s={search_term_string}\"},\"query-input\":{\"@type\":\"PropertyValueSpecification\",\"valueRequired\":true,\"valueName\":\"search_term_string\"}}],\"inLanguage\":\"es-ES\"},{\"@type\":\"Organization\",\"@id\":\"https:\\\/\\\/creativewritingcuracao.com\\\/#organization\",\"name\":\"Creative Writing Curacao\",\"url\":\"https:\\\/\\\/creativewritingcuracao.com\\\/\",\"logo\":{\"@type\":\"ImageObject\",\"inLanguage\":\"es-ES\",\"@id\":\"https:\\\/\\\/creativewritingcuracao.com\\\/#\\\/schema\\\/logo\\\/image\\\/\",\"url\":\"https:\\\/\\\/creativewritingcuracao.com\\\/wp-content\\\/uploads\\\/2018\\\/04\\\/logo.svg\",\"contentUrl\":\"https:\\\/\\\/creativewritingcuracao.com\\\/wp-content\\\/uploads\\\/2018\\\/04\\\/logo.svg\",\"caption\":\"Creative Writing Curacao\"},\"image\":{\"@id\":\"https:\\\/\\\/creativewritingcuracao.com\\\/#\\\/schema\\\/logo\\\/image\\\/\"}}]}<\/script>\n<!-- \/ Yoast SEO plugin. -->","yoast_head_json":{"title":"Home - Creative Writing Curacao","robots":{"index":"index","follow":"follow","max-snippet":"max-snippet:-1","max-image-preview":"max-image-preview:large","max-video-preview":"max-video-preview:-1"},"canonical":"https:\/\/creativewritingcuracao.com\/es\/","og_locale":"es_ES","og_type":"article","og_title":"Home - Creative Writing Curacao","og_url":"https:\/\/creativewritingcuracao.com\/es\/","og_site_name":"Creative Writing Curacao","article_modified_time":"2024-06-20T15:02:02+00:00","og_image":[{"url":"https:\/\/creativewritingcuracao.com\/wp-content\/uploads\/2019\/05\/cursos-equipo.jpg","type":"","width":"","height":""}],"twitter_card":"summary_large_image","twitter_misc":{"Est. reading time":"23 minutes"},"schema":{"@context":"https:\/\/schema.org","@graph":[{"@type":"WebPage","@id":"https:\/\/creativewritingcuracao.com\/es\/","url":"https:\/\/creativewritingcuracao.com\/es\/","name":"Home - Creative Writing Curacao","isPartOf":{"@id":"https:\/\/creativewritingcuracao.com\/#website"},"primaryImageOfPage":{"@id":"https:\/\/creativewritingcuracao.com\/es\/#primaryimage"},"image":{"@id":"https:\/\/creativewritingcuracao.com\/es\/#primaryimage"},"thumbnailUrl":"https:\/\/creativewritingcuracao.com\/wp-content\/uploads\/2019\/05\/cursos-equipo.jpg","datePublished":"2018-04-06T10:04:34+00:00","dateModified":"2024-06-20T15:02:02+00:00","breadcrumb":{"@id":"https:\/\/creativewritingcuracao.com\/es\/#breadcrumb"},"inLanguage":"es-ES","potentialAction":[{"@type":"ReadAction","target":["https:\/\/creativewritingcuracao.com\/es\/"]}]},{"@type":"ImageObject","inLanguage":"es-ES","@id":"https:\/\/creativewritingcuracao.com\/es\/#primaryimage","url":"https:\/\/creativewritingcuracao.com\/wp-content\/uploads\/2019\/05\/cursos-equipo.jpg","contentUrl":"https:\/\/creativewritingcuracao.com\/wp-content\/uploads\/2019\/05\/cursos-equipo.jpg"},{"@type":"BreadcrumbList","@id":"https:\/\/creativewritingcuracao.com\/es\/#breadcrumb","itemListElement":[{"@type":"ListItem","position":1,"name":"Home","item":"https:\/\/creativewritingcuracao.com\/es\/"},{"@type":"ListItem","position":2,"name":"Home"}]},{"@type":"WebSite","@id":"https:\/\/creativewritingcuracao.com\/#website","url":"https:\/\/creativewritingcuracao.com\/","name":"Creative Writing Curacao","description":"","publisher":{"@id":"https:\/\/creativewritingcuracao.com\/#organization"},"potentialAction":[{"@type":"SearchAction","target":{"@type":"EntryPoint","urlTemplate":"https:\/\/creativewritingcuracao.com\/?s={search_term_string}"},"query-input":{"@type":"PropertyValueSpecification","valueRequired":true,"valueName":"search_term_string"}}],"inLanguage":"es-ES"},{"@type":"Organization","@id":"https:\/\/creativewritingcuracao.com\/#organization","name":"Creative Writing Curacao","url":"https:\/\/creativewritingcuracao.com\/","logo":{"@type":"ImageObject","inLanguage":"es-ES","@id":"https:\/\/creativewritingcuracao.com\/#\/schema\/logo\/image\/","url":"https:\/\/creativewritingcuracao.com\/wp-content\/uploads\/2018\/04\/logo.svg","contentUrl":"https:\/\/creativewritingcuracao.com\/wp-content\/uploads\/2018\/04\/logo.svg","caption":"Creative Writing Curacao"},"image":{"@id":"https:\/\/creativewritingcuracao.com\/#\/schema\/logo\/image\/"}}]}},"_links":{"self":[{"href":"https:\/\/creativewritingcuracao.com\/es\/wp-json\/wp\/v2\/pages\/293","targetHints":{"allow":["GET"]}}],"collection":[{"href":"https:\/\/creativewritingcuracao.com\/es\/wp-json\/wp\/v2\/pages"}],"about":[{"href":"https:\/\/creativewritingcuracao.com\/es\/wp-json\/wp\/v2\/types\/page"}],"author":[{"embeddable":true,"href":"https:\/\/creativewritingcuracao.com\/es\/wp-json\/wp\/v2\/users\/1"}],"replies":[{"embeddable":true,"href":"https:\/\/creativewritingcuracao.com\/es\/wp-json\/wp\/v2\/comments?post=293"}],"version-history":[{"count":0,"href":"https:\/\/creativewritingcuracao.com\/es\/wp-json\/wp\/v2\/pages\/293\/revisions"}],"wp:attachment":[{"href":"https:\/\/creativewritingcuracao.com\/es\/wp-json\/wp\/v2\/media?parent=293"}],"curies":[{"name":"wp","href":"https:\/\/api.w.org\/{rel}","templated":true}]}}